{"id":1123,"date":"2021-06-23T11:25:38","date_gmt":"2021-06-23T11:25:38","guid":{"rendered":"https:\/\/www.northatlantic-islands.com\/board\/"},"modified":"2025-09-03T14:09:13","modified_gmt":"2025-09-03T14:09:13","slug":"bestyrelsen-2","status":"publish","type":"page","link":"https:\/\/www.northatlantic-islands.com\/da\/bestyrelsen-2\/","title":{"rendered":"Bestyrelsen"},"content":{"rendered":"\n<div class=\"wp-block-cover alignfull\" style=\"min-height:700px;aspect-ratio:unset;\"><img loading=\"lazy\" decoding=\"async\" width=\"2560\" height=\"1920\" class=\"wp-block-cover__image-background wp-image-1891\" alt=\"\" src=\"https:\/\/www.northatlantic-islands.com\/wp-content\/uploads\/2022\/04\/soljir-og-fjoll_Anton-Kovalsky-scaled.jpg\" data-object-fit=\"cover\" srcset=\"https:\/\/www.northatlantic-islands.com\/wp-content\/uploads\/2022\/04\/soljir-og-fjoll_Anton-Kovalsky-scaled.jpg 2560w, https:\/\/www.northatlantic-islands.com\/wp-content\/uploads\/2022\/04\/soljir-og-fjoll_Anton-Kovalsky-800x600.jpg 800w, https:\/\/www.northatlantic-islands.com\/wp-content\/uploads\/2022\/04\/soljir-og-fjoll_Anton-Kovalsky-1800x1350.jpg 1800w, https:\/\/www.northatlantic-islands.com\/wp-content\/uploads\/2022\/04\/soljir-og-fjoll_Anton-Kovalsky-768x576.jpg 768w, https:\/\/www.northatlantic-islands.com\/wp-content\/uploads\/2022\/04\/soljir-og-fjoll_Anton-Kovalsky-1536x1152.jpg 1536w, https:\/\/www.northatlantic-islands.com\/wp-content\/uploads\/2022\/04\/soljir-og-fjoll_Anton-Kovalsky-2048x1536.jpg 2048w\" sizes=\"auto, (max-width: 2560px) 100vw, 2560px\" \/><span aria-hidden=\"true\" class=\"wp-block-cover__background has-black-background-color has-background-dim-30 has-background-dim\"><\/span><div class=\"wp-block-cover__inner-container is-layout-flow wp-block-cover-is-layout-flow\">\n<p><\/p>\n\n\n\n<p><\/p>\n\n\n\n<p><\/p>\n\n\n\n<h2 class=\"wp-block-heading has-text-align-center font-roboto\">Bestyrelsen<\/h2>\n<\/div><\/div>\n\n\n\n<div style=\"height:40px\" aria-hidden=\"true\" class=\"wp-block-spacer\"><\/div>\n\n\n\n<p>NATA\u2019s bestyrelse best\u00e5r af seks medlemmer, heraf to repr\u00e6sentanter fra hvert land Island, Gr\u00f8nland og F\u00e6r\u00f8erne.<\/p>\n\n\n\n<p>Formandsskabet roterer mellem de tre lande, og Gr\u00f8nland besidder formandsposten i 2025 og 2026. Formanden for NATA&#8217;s bestyrelse er Anne Niv\u00edka Gr\u00f8dem.<\/p>\n\n\n\n<div style=\"height:100px\" aria-hidden=\"true\" class=\"wp-block-spacer\"><\/div>\n\n\n\n\n<div id=\"board-block_1d7372bd920c63c5b9bbdefa711b78b7\" class=\"lunnar-board grid md:cols-2 lg:cols-3 gap-2 alignwide grid md:cols-2 lg:cols-3 gap-2\" x-data=\"board()\">\n\t\n                        \n<div class=\"person-card\">\n    <div class=\"card-image\">\n                    <img decoding=\"async\" src=\"https:\/\/www.northatlantic-islands.com\/wp-content\/uploads\/2021\/07\/Anne-Nivika.jpg\" alt=\"\" style=\"object-position: 50% 50%\">\n            <\/div>\n\n    <div class=\"card-content\">\n                    <div class=\"card-content--name\">Anne Nivika Gr\u00f8dem<\/div>\n        \n                    <div class=\"card-content--title\">Administrerende direkt\u00f8r<\/div>\n        \n                    <div class=\"card-content--work_place\">\n                <strong>Arbejdsplads: <\/strong>\n\n                Visit Greenland            <\/div>\n        \n                    <div class=\"card-content--location\">\n                <strong>By\/land: <\/strong>\n\n                Nuuk, Gr\u00f8nland            <\/div>\n        \n                    <div class=\"card-content--time\">\n                <strong>Tid i NATA\u2019s bestyrelse: <\/strong>\n\n                Fra 2022            <\/div>\n        \n                    <div class=\"card-content--chair\">\n                <strong>Formand\/Forkvinde for NATA: <\/strong>\n\n                2025-2026            <\/div>\n            <\/div>\n<\/div>                    \n<div class=\"person-card\">\n    <div class=\"card-image\">\n                    <img decoding=\"async\" src=\"https:\/\/www.northatlantic-islands.com\/wp-content\/uploads\/2021\/07\/Arnar-Mar_2L4A0242sh-1171x1800.jpg\" alt=\"\" style=\"object-position: 49.4330% 22.0417%\">\n            <\/div>\n\n    <div class=\"card-content\">\n                    <div class=\"card-content--name\">Arnar M\u00e1r Olafsson<\/div>\n        \n                    <div class=\"card-content--title\">Administrerende direkt\u00f8r <\/div>\n        \n                    <div class=\"card-content--work_place\">\n                <strong>Arbejdsplads: <\/strong>\n\n                Icelandic Tourist Board            <\/div>\n        \n                    <div class=\"card-content--location\">\n                <strong>By\/land: <\/strong>\n\n                Reykjav\u00edk, Iceland            <\/div>\n        \n                    <div class=\"card-content--time\">\n                <strong>Tid i NATA\u2019s bestyrelse: <\/strong>\n\n                Fra 2025            <\/div>\n        \n            <\/div>\n<\/div>                    \n<div class=\"person-card\">\n    <div class=\"card-image\">\n                    <img decoding=\"async\" src=\"https:\/\/www.northatlantic-islands.com\/wp-content\/uploads\/2021\/07\/IMG_0051_Gudrid-1280x853.jpg\" alt=\"\" style=\"object-position: 50% 50%\">\n            <\/div>\n\n    <div class=\"card-content\">\n                    <div class=\"card-content--name\">Gu\u00f0ri\u00f0 H\u00f8jgaard<\/div>\n        \n                    <div class=\"card-content--title\">Administrerende direkt\u00f8r<\/div>\n        \n                    <div class=\"card-content--work_place\">\n                <strong>Arbejdsplads: <\/strong>\n\n                Visit Faroe Islands            <\/div>\n        \n                    <div class=\"card-content--location\">\n                <strong>By\/land: <\/strong>\n\n                T\u00f3rshavn, Faroe Islands            <\/div>\n        \n                    <div class=\"card-content--time\">\n                <strong>Tid i NATA\u2019s bestyrelse: <\/strong>\n\n                Fra 2012            <\/div>\n        \n            <\/div>\n<\/div>                    \n<div class=\"person-card\">\n    <div class=\"card-image\">\n                    <img decoding=\"async\" src=\"https:\/\/www.northatlantic-islands.com\/wp-content\/uploads\/2021\/07\/katja1-2-1280x853.jpg\" alt=\"\" style=\"object-position: 50% 50%\">\n            <\/div>\n\n    <div class=\"card-content\">\n                    <div class=\"card-content--name\">Katja Vahl<\/div>\n        \n                    <div class=\"card-content--title\">Marketing- og kommunikationschef<\/div>\n        \n                    <div class=\"card-content--work_place\">\n                <strong>Arbejdsplads: <\/strong>\n\n                Air Greenland            <\/div>\n        \n                    <div class=\"card-content--location\">\n                <strong>By\/land: <\/strong>\n\n                Nuuk, Gr\u00f8nland            <\/div>\n        \n                    <div class=\"card-content--time\">\n                <strong>Tid i NATA\u2019s bestyrelse: <\/strong>\n\n                Fra 2021            <\/div>\n        \n            <\/div>\n<\/div>                    \n<div class=\"person-card\">\n    <div class=\"card-image\">\n                    <img decoding=\"async\" src=\"https:\/\/www.northatlantic-islands.com\/wp-content\/uploads\/2023\/09\/Oddny_BW-1800x1201.jpg\" alt=\"\" style=\"object-position: 50% 50%\">\n            <\/div>\n\n    <div class=\"card-content\">\n                    <div class=\"card-content--name\">Oddn\u00fd Arnarsd\u00f3ttir<\/div>\n        \n                    <div class=\"card-content--title\">Administrerende direkt\u00f8r<\/div>\n        \n                    <div class=\"card-content--work_place\">\n                <strong>Arbejdsplads: <\/strong>\n\n                Visit Iceland            <\/div>\n        \n                    <div class=\"card-content--location\">\n                <strong>By\/land: <\/strong>\n\n                Reykjav\u00edk, Island            <\/div>\n        \n                    <div class=\"card-content--time\">\n                <strong>Tid i NATA\u2019s bestyrelse: <\/strong>\n\n                Fra 2024            <\/div>\n        \n            <\/div>\n<\/div>                    \n<div class=\"person-card\">\n    <div class=\"card-image\">\n            <\/div>\n\n    <div class=\"card-content\">\n                    <div class=\"card-content--name\">Andrias S\u00f3lsker<\/div>\n        \n                    <div class=\"card-content--title\">Kommerciel direkt\u00f8r<\/div>\n        \n                    <div class=\"card-content--work_place\">\n                <strong>Arbejdsplads: <\/strong>\n\n                Atlantic Airways            <\/div>\n        \n                    <div class=\"card-content--location\">\n                <strong>By\/land: <\/strong>\n\n                V\u00e1gar, F\u00e6r\u00f8erne            <\/div>\n        \n                    <div class=\"card-content--time\">\n                <strong>Tid i NATA\u2019s bestyrelse: <\/strong>\n\n                Fra 2025            <\/div>\n        \n            <\/div>\n<\/div>            <\/div>\n\n\n\n<div style=\"height:100px\" aria-hidden=\"true\" class=\"wp-block-spacer\"><\/div>\n\n\n\n<div style=\"height:100px\" aria-hidden=\"true\" class=\"wp-block-spacer\"><\/div>\n","protected":false},"excerpt":{"rendered":"<p>NATA\u2019s bestyrelse best\u00e5r af seks medlemmer, heraf to repr\u00e6sentanter fra hvert land Island, Gr\u00f8nland og F\u00e6r\u00f8erne. Formandsskabet roterer mellem de tre lande, og Gr\u00f8nland besidder formandsposten i 2025 og 2026. Formanden for NATA&#8217;s bestyrelse er Anne Niv\u00edka Gr\u00f8dem.<\/p>\n","protected":false},"author":1,"featured_media":0,"parent":0,"menu_order":22,"comment_status":"closed","ping_status":"closed","template":"","meta":{"_acf_changed":false,"footnotes":""},"class_list":["post-1123","page","type-page","status-publish","hentry"],"acf":[],"yoast_head":"<!-- This site is optimized with the Yoast SEO plugin v27.5 - https:\/\/yoast.com\/product\/yoast-seo-wordpress\/ -->\n<title>Bestyrelsen - NATA<\/title>\n<meta name=\"robots\" content=\"index, follow, max-snippet:-1, max-image-preview:large, max-video-preview:-1\" \/>\n<link rel=\"canonical\" href=\"https:\/\/www.northatlantic-islands.com\/da\/bestyrelsen-2\/\" \/>\n<meta property=\"og:locale\" content=\"da_DK\" \/>\n<meta property=\"og:type\" content=\"article\" \/>\n<meta property=\"og:title\" content=\"Bestyrelsen - NATA\" \/>\n<meta property=\"og:description\" content=\"NATA\u2019s bestyrelse best\u00e5r af seks medlemmer, heraf to repr\u00e6sentanter fra hvert land Island, Gr\u00f8nland og F\u00e6r\u00f8erne. Formandsskabet roterer mellem de tre lande, og Gr\u00f8nland besidder formandsposten i 2025 og 2026. Formanden for NATA&#8217;s bestyrelse er Anne Niv\u00edka Gr\u00f8dem.\" \/>\n<meta property=\"og:url\" content=\"https:\/\/www.northatlantic-islands.com\/da\/bestyrelsen-2\/\" \/>\n<meta property=\"og:site_name\" content=\"NATA\" \/>\n<meta property=\"article:modified_time\" content=\"2025-09-03T14:09:13+00:00\" \/>\n<meta property=\"og:image\" content=\"https:\/\/www.northatlantic-islands.com\/wp-content\/uploads\/2022\/04\/soljir-og-fjoll_Anton-Kovalsky-scaled.jpg\" \/>\n\t<meta property=\"og:image:width\" content=\"2560\" \/>\n\t<meta property=\"og:image:height\" content=\"1920\" \/>\n\t<meta property=\"og:image:type\" content=\"image\/jpeg\" \/>\n<meta name=\"twitter:card\" content=\"summary_large_image\" \/>\n<meta name=\"twitter:label1\" content=\"Estimeret l\u00e6setid\" \/>\n\t<meta name=\"twitter:data1\" content=\"1 minut\" \/>\n<script type=\"application\/ld+json\" class=\"yoast-schema-graph\">{\"@context\":\"https:\\\/\\\/schema.org\",\"@graph\":[{\"@type\":\"WebPage\",\"@id\":\"https:\\\/\\\/www.northatlantic-islands.com\\\/da\\\/bestyrelsen-2\\\/\",\"url\":\"https:\\\/\\\/www.northatlantic-islands.com\\\/da\\\/bestyrelsen-2\\\/\",\"name\":\"Bestyrelsen - NATA\",\"isPartOf\":{\"@id\":\"https:\\\/\\\/www.northatlantic-islands.com\\\/da\\\/#website\"},\"primaryImageOfPage\":{\"@id\":\"https:\\\/\\\/www.northatlantic-islands.com\\\/da\\\/bestyrelsen-2\\\/#primaryimage\"},\"image\":{\"@id\":\"https:\\\/\\\/www.northatlantic-islands.com\\\/da\\\/bestyrelsen-2\\\/#primaryimage\"},\"thumbnailUrl\":\"https:\\\/\\\/www.northatlantic-islands.com\\\/wp-content\\\/uploads\\\/2022\\\/04\\\/soljir-og-fjoll_Anton-Kovalsky-scaled.jpg\",\"datePublished\":\"2021-06-23T11:25:38+00:00\",\"dateModified\":\"2025-09-03T14:09:13+00:00\",\"breadcrumb\":{\"@id\":\"https:\\\/\\\/www.northatlantic-islands.com\\\/da\\\/bestyrelsen-2\\\/#breadcrumb\"},\"inLanguage\":\"da-DK\",\"potentialAction\":[{\"@type\":\"ReadAction\",\"target\":[\"https:\\\/\\\/www.northatlantic-islands.com\\\/da\\\/bestyrelsen-2\\\/\"]}]},{\"@type\":\"ImageObject\",\"inLanguage\":\"da-DK\",\"@id\":\"https:\\\/\\\/www.northatlantic-islands.com\\\/da\\\/bestyrelsen-2\\\/#primaryimage\",\"url\":\"https:\\\/\\\/www.northatlantic-islands.com\\\/wp-content\\\/uploads\\\/2022\\\/04\\\/soljir-og-fjoll_Anton-Kovalsky-scaled.jpg\",\"contentUrl\":\"https:\\\/\\\/www.northatlantic-islands.com\\\/wp-content\\\/uploads\\\/2022\\\/04\\\/soljir-og-fjoll_Anton-Kovalsky-scaled.jpg\"},{\"@type\":\"BreadcrumbList\",\"@id\":\"https:\\\/\\\/www.northatlantic-islands.com\\\/da\\\/bestyrelsen-2\\\/#breadcrumb\",\"itemListElement\":[{\"@type\":\"ListItem\",\"position\":1,\"name\":\"Home\",\"item\":\"https:\\\/\\\/www.northatlantic-islands.com\\\/da\\\/\"},{\"@type\":\"ListItem\",\"position\":2,\"name\":\"Bestyrelsen\"}]},{\"@type\":\"WebSite\",\"@id\":\"https:\\\/\\\/www.northatlantic-islands.com\\\/da\\\/#website\",\"url\":\"https:\\\/\\\/www.northatlantic-islands.com\\\/da\\\/\",\"name\":\"NATA\",\"description\":\"North Atlantic Tourism Association\",\"potentialAction\":[{\"@type\":\"SearchAction\",\"target\":{\"@type\":\"EntryPoint\",\"urlTemplate\":\"https:\\\/\\\/www.northatlantic-islands.com\\\/da\\\/?s={search_term_string}\"},\"query-input\":{\"@type\":\"PropertyValueSpecification\",\"valueRequired\":true,\"valueName\":\"search_term_string\"}}],\"inLanguage\":\"da-DK\"}]}<\/script>\n<!-- \/ Yoast SEO plugin. -->","yoast_head_json":{"title":"Bestyrelsen - NATA","robots":{"index":"index","follow":"follow","max-snippet":"max-snippet:-1","max-image-preview":"max-image-preview:large","max-video-preview":"max-video-preview:-1"},"canonical":"https:\/\/www.northatlantic-islands.com\/da\/bestyrelsen-2\/","og_locale":"da_DK","og_type":"article","og_title":"Bestyrelsen - NATA","og_description":"NATA\u2019s bestyrelse best\u00e5r af seks medlemmer, heraf to repr\u00e6sentanter fra hvert land Island, Gr\u00f8nland og F\u00e6r\u00f8erne. Formandsskabet roterer mellem de tre lande, og Gr\u00f8nland besidder formandsposten i 2025 og 2026. Formanden for NATA&#8217;s bestyrelse er Anne Niv\u00edka Gr\u00f8dem.","og_url":"https:\/\/www.northatlantic-islands.com\/da\/bestyrelsen-2\/","og_site_name":"NATA","article_modified_time":"2025-09-03T14:09:13+00:00","og_image":[{"width":2560,"height":1920,"url":"https:\/\/www.northatlantic-islands.com\/wp-content\/uploads\/2022\/04\/soljir-og-fjoll_Anton-Kovalsky-scaled.jpg","type":"image\/jpeg"}],"twitter_card":"summary_large_image","twitter_misc":{"Estimeret l\u00e6setid":"1 minut"},"schema":{"@context":"https:\/\/schema.org","@graph":[{"@type":"WebPage","@id":"https:\/\/www.northatlantic-islands.com\/da\/bestyrelsen-2\/","url":"https:\/\/www.northatlantic-islands.com\/da\/bestyrelsen-2\/","name":"Bestyrelsen - NATA","isPartOf":{"@id":"https:\/\/www.northatlantic-islands.com\/da\/#website"},"primaryImageOfPage":{"@id":"https:\/\/www.northatlantic-islands.com\/da\/bestyrelsen-2\/#primaryimage"},"image":{"@id":"https:\/\/www.northatlantic-islands.com\/da\/bestyrelsen-2\/#primaryimage"},"thumbnailUrl":"https:\/\/www.northatlantic-islands.com\/wp-content\/uploads\/2022\/04\/soljir-og-fjoll_Anton-Kovalsky-scaled.jpg","datePublished":"2021-06-23T11:25:38+00:00","dateModified":"2025-09-03T14:09:13+00:00","breadcrumb":{"@id":"https:\/\/www.northatlantic-islands.com\/da\/bestyrelsen-2\/#breadcrumb"},"inLanguage":"da-DK","potentialAction":[{"@type":"ReadAction","target":["https:\/\/www.northatlantic-islands.com\/da\/bestyrelsen-2\/"]}]},{"@type":"ImageObject","inLanguage":"da-DK","@id":"https:\/\/www.northatlantic-islands.com\/da\/bestyrelsen-2\/#primaryimage","url":"https:\/\/www.northatlantic-islands.com\/wp-content\/uploads\/2022\/04\/soljir-og-fjoll_Anton-Kovalsky-scaled.jpg","contentUrl":"https:\/\/www.northatlantic-islands.com\/wp-content\/uploads\/2022\/04\/soljir-og-fjoll_Anton-Kovalsky-scaled.jpg"},{"@type":"BreadcrumbList","@id":"https:\/\/www.northatlantic-islands.com\/da\/bestyrelsen-2\/#breadcrumb","itemListElement":[{"@type":"ListItem","position":1,"name":"Home","item":"https:\/\/www.northatlantic-islands.com\/da\/"},{"@type":"ListItem","position":2,"name":"Bestyrelsen"}]},{"@type":"WebSite","@id":"https:\/\/www.northatlantic-islands.com\/da\/#website","url":"https:\/\/www.northatlantic-islands.com\/da\/","name":"NATA","description":"North Atlantic Tourism Association","potentialAction":[{"@type":"SearchAction","target":{"@type":"EntryPoint","urlTemplate":"https:\/\/www.northatlantic-islands.com\/da\/?s={search_term_string}"},"query-input":{"@type":"PropertyValueSpecification","valueRequired":true,"valueName":"search_term_string"}}],"inLanguage":"da-DK"}]}},"_links":{"self":[{"href":"https:\/\/www.northatlantic-islands.com\/da\/wp-json\/wp\/v2\/pages\/1123","targetHints":{"allow":["GET"]}}],"collection":[{"href":"https:\/\/www.northatlantic-islands.com\/da\/wp-json\/wp\/v2\/pages"}],"about":[{"href":"https:\/\/www.northatlantic-islands.com\/da\/wp-json\/wp\/v2\/types\/page"}],"author":[{"embeddable":true,"href":"https:\/\/www.northatlantic-islands.com\/da\/wp-json\/wp\/v2\/users\/1"}],"replies":[{"embeddable":true,"href":"https:\/\/www.northatlantic-islands.com\/da\/wp-json\/wp\/v2\/comments?post=1123"}],"version-history":[{"count":23,"href":"https:\/\/www.northatlantic-islands.com\/da\/wp-json\/wp\/v2\/pages\/1123\/revisions"}],"predecessor-version":[{"id":2983,"href":"https:\/\/www.northatlantic-islands.com\/da\/wp-json\/wp\/v2\/pages\/1123\/revisions\/2983"}],"wp:attachment":[{"href":"https:\/\/www.northatlantic-islands.com\/da\/wp-json\/wp\/v2\/media?parent=1123"}],"curies":[{"name":"wp","href":"https:\/\/api.w.org\/{rel}","templated":true}]}}